{"id":101,"date":"2023-08-21T11:08:05","date_gmt":"2023-08-21T09:08:05","guid":{"rendered":"https:\/\/bs2-sw.de\/cms2\/?page_id=101"},"modified":"2025-05-20T10:34:56","modified_gmt":"2025-05-20T08:34:56","slug":"pharmazeutisch-kaufmaennische-r-angestellte-r","status":"publish","type":"page","link":"https:\/\/bs2-sw.de\/cms2\/berufe\/pharmazeutisch-kaufmaennische-r-angestellte-r\/","title":{"rendered":"Pharmazeutisch kaufm\u00e4nnische\/r Angestellte\/r"},"content":{"rendered":"\t\t<div data-elementor-type=\"wp-page\" data-elementor-id=\"101\" class=\"elementor elementor-101\" data-elementor-post-type=\"page\">\n\t\t\t\t<div data-particle_enable=\"false\" data-particle-mobile-disabled=\"false\" class=\"elementor-element elementor-element-e2ef968 e-flex e-con-boxed e-con e-parent\" data-id=\"e2ef968\" data-element_type=\"container\" data-e-type=\"container\">\n\t\t\t\t\t<div class=\"e-con-inner\">\n\t\t\t\t<div class=\"elementor-element elementor-element-11ba369f elementor-widget elementor-widget-spacer\" data-id=\"11ba369f\" data-element_type=\"widget\" data-e-type=\"widget\" data-widget_type=\"spacer.default\">\n\t\t\t\t<div class=\"elementor-widget-container\">\n\t\t\t\t\t\t\t<div class=\"elementor-spacer\">\n\t\t\t<div class=\"elementor-spacer-inner\"><\/div>\n\t\t<\/div>\n\t\t\t\t\t\t<\/div>\n\t\t\t\t<\/div>\n\t\t\t\t<div class=\"elementor-element elementor-element-322d1519 elementor-widget elementor-widget-heading\" data-id=\"322d1519\" data-element_type=\"widget\" data-e-type=\"widget\" data-widget_type=\"heading.default\">\n\t\t\t\t<div class=\"elementor-widget-container\">\n\t\t\t\t\t<h1 class=\"elementor-heading-title elementor-size-default\">Pharmazeutisch kaufm\u00e4nnische\/r Angestellte\/r<\/h1>\t\t\t\t<\/div>\n\t\t\t\t<\/div>\n\t\t\t\t<div class=\"elementor-element elementor-element-616144e3 elementor-widget elementor-widget-spacer\" data-id=\"616144e3\" data-element_type=\"widget\" data-e-type=\"widget\" data-widget_type=\"spacer.default\">\n\t\t\t\t<div class=\"elementor-widget-container\">\n\t\t\t\t\t\t\t<div class=\"elementor-spacer\">\n\t\t\t<div class=\"elementor-spacer-inner\"><\/div>\n\t\t<\/div>\n\t\t\t\t\t\t<\/div>\n\t\t\t\t<\/div>\n\t\t\t\t<div class=\"elementor-element elementor-element-b802fc8 elementor-widget elementor-widget-text-editor\" data-id=\"b802fc8\" data-element_type=\"widget\" data-e-type=\"widget\" data-widget_type=\"text-editor.default\">\n\t\t\t\t<div class=\"elementor-widget-container\">\n\t\t\t\t\t\t\t\t\t<p><span style=\"color: #800000;\">Akt. Anmeldungen Schuljahr 2025\/26: 1<\/span><\/p>\t\t\t\t\t\t\t\t<\/div>\n\t\t\t\t<\/div>\n\t\t\t\t\t<\/div>\n\t\t\t\t<\/div>\n\t\t<div data-particle_enable=\"false\" data-particle-mobile-disabled=\"false\" class=\"elementor-element elementor-element-3306de5f e-flex e-con-boxed e-con e-parent\" data-id=\"3306de5f\" data-element_type=\"container\" data-e-type=\"container\">\n\t\t\t\t\t<div class=\"e-con-inner\">\n\t\t<div data-particle_enable=\"false\" data-particle-mobile-disabled=\"false\" class=\"elementor-element elementor-element-158ff190 e-flex e-con-boxed e-con e-child\" data-id=\"158ff190\" data-element_type=\"container\" data-e-type=\"container\">\n\t\t\t\t\t<div class=\"e-con-inner\">\n\t\t\t\t<div class=\"elementor-element elementor-element-6feb35c8 elementor-widget elementor-widget-image\" data-id=\"6feb35c8\" data-element_type=\"widget\" data-e-type=\"widget\" data-widget_type=\"image.default\">\n\t\t\t\t<div class=\"elementor-widget-container\">\n\t\t\t\t\t\t\t\t\t\t\t\t<figure class=\"wp-caption\">\n\t\t\t\t\t\t\t\t\t\t\t<a href=\"https:\/\/bs2-sw.de\/cms2\/wp-content\/uploads\/pharmacy-3377670_ausschnitt.jpg\" data-elementor-open-lightbox=\"yes\" data-e-action-hash=\"#elementor-action%3Aaction%3Dlightbox%26settings%3DeyJpZCI6NDgxLCJ1cmwiOiJodHRwczpcL1wvYnMyLXN3LmRlXC9jbXMyXC93cC1jb250ZW50XC91cGxvYWRzXC9waGFybWFjeS0zMzc3NjcwX2F1c3NjaG5pdHQuanBnIn0%3D\">\n\t\t\t\t\t\t\t<img fetchpriority=\"high\" decoding=\"async\" width=\"1280\" height=\"300\" src=\"https:\/\/bs2-sw.de\/cms2\/wp-content\/uploads\/pharmacy-3377670_ausschnitt.jpg\" class=\"attachment-full size-full wp-image-481\" alt=\"\" srcset=\"https:\/\/bs2-sw.de\/cms2\/wp-content\/uploads\/pharmacy-3377670_ausschnitt.jpg 1280w, https:\/\/bs2-sw.de\/cms2\/wp-content\/uploads\/pharmacy-3377670_ausschnitt-300x70.jpg 300w, https:\/\/bs2-sw.de\/cms2\/wp-content\/uploads\/pharmacy-3377670_ausschnitt-1024x240.jpg 1024w, https:\/\/bs2-sw.de\/cms2\/wp-content\/uploads\/pharmacy-3377670_ausschnitt-768x180.jpg 768w\" sizes=\"(max-width: 1280px) 100vw, 1280px\" \/>\t\t\t\t\t\t\t\t<\/a>\n\t\t\t\t\t\t\t\t\t\t\t<figcaption class=\"widget-image-caption wp-caption-text\"><\/figcaption>\n\t\t\t\t\t\t\t\t\t\t<\/figure>\n\t\t\t\t\t\t\t\t\t<\/div>\n\t\t\t\t<\/div>\n\t\t\t\t\t<\/div>\n\t\t\t\t<\/div>\n\t\t\t\t\t<\/div>\n\t\t\t\t<\/div>\n\t\t<div data-particle_enable=\"false\" data-particle-mobile-disabled=\"false\" class=\"elementor-element elementor-element-204e60f e-flex e-con-boxed e-con e-parent\" data-id=\"204e60f\" data-element_type=\"container\" data-e-type=\"container\">\n\t\t\t\t\t<div class=\"e-con-inner\">\n\t\t<div data-particle_enable=\"false\" data-particle-mobile-disabled=\"false\" class=\"elementor-element elementor-element-c48527d e-flex e-con-boxed e-con e-child\" data-id=\"c48527d\" data-element_type=\"container\" data-e-type=\"container\">\n\t\t\t\t\t<div class=\"e-con-inner\">\n\t\t\t\t<div class=\"elementor-element elementor-element-5625d01 elementor-widget elementor-widget-heading\" data-id=\"5625d01\" data-element_type=\"widget\" data-e-type=\"widget\" data-widget_type=\"heading.default\">\n\t\t\t\t<div class=\"elementor-widget-container\">\n\t\t\t\t\t<h2 class=\"elementor-heading-title elementor-size-default\">Berufsbild<\/h2>\t\t\t\t<\/div>\n\t\t\t\t<\/div>\n\t\t\t\t<div class=\"elementor-element elementor-element-c2aefea elementor-widget elementor-widget-text-editor\" data-id=\"c2aefea\" data-element_type=\"widget\" data-e-type=\"widget\" data-widget_type=\"text-editor.default\">\n\t\t\t\t<div class=\"elementor-widget-container\">\n\t\t\t\t\t\t\t\t\t<p>Pharmazeutisch-kaufm\u00e4nnische Angestellte bestellen Arzneimittel, kontrollieren diese, zeichnen sie aus und sortieren sie in die Regale ein. Zudem erledigen sie B\u00fcro- und Verwaltungsaufgaben, verkaufen apotheken\u00fcbliche Produkte und wirken bei Verkaufsf\u00f6rderungsma\u00dfnahmen mit.<\/p>\n<p>Haupts\u00e4chlich arbeiten Pharmazeutisch-kaufm\u00e4nnische Angestellte in Apotheken, einschlie\u00dflich Klinikapotheken, in der Medikamentendisposition, Lagerhaltung und Abrechnung. Dar\u00fcber hinaus sind sie z.B. im pharmazeutischen Gro\u00dfhandel und in der pharmazeutischen Industrie t\u00e4tig.<\/p>\n<p>Pharmazeutisch-kaufm\u00e4nnische\/r Angestellte\/r ist ein anerkannter Ausbildungsberuf nach dem Berufsbildungsgesetz (BBiG). Er ist keinem Berufsfeld zugeordnet.<\/p>\n<p>Der Monoberuf wird ohne Spezialisierung nach Fachrichtungen oder Schwerpunkten in Apotheken ausgebildet.<\/p>\t\t\t\t\t\t\t\t<\/div>\n\t\t\t\t<\/div>\n\t\t\t\t\t<\/div>\n\t\t\t\t<\/div>\n\t\t\t\t\t<\/div>\n\t\t\t\t<\/div>\n\t\t<div data-particle_enable=\"false\" data-particle-mobile-disabled=\"false\" class=\"elementor-element elementor-element-97ec9d9 e-flex e-con-boxed e-con e-parent\" data-id=\"97ec9d9\" data-element_type=\"container\" data-e-type=\"container\">\n\t\t\t\t\t<div class=\"e-con-inner\">\n\t\t\t\t<div class=\"elementor-element elementor-element-120ef41e elementor-widget elementor-widget-spacer\" data-id=\"120ef41e\" data-element_type=\"widget\" data-e-type=\"widget\" data-widget_type=\"spacer.default\">\n\t\t\t\t<div class=\"elementor-widget-container\">\n\t\t\t\t\t\t\t<div class=\"elementor-spacer\">\n\t\t\t<div class=\"elementor-spacer-inner\"><\/div>\n\t\t<\/div>\n\t\t\t\t\t\t<\/div>\n\t\t\t\t<\/div>\n\t\t\t\t\t<\/div>\n\t\t\t\t<\/div>\n\t\t<div data-particle_enable=\"false\" data-particle-mobile-disabled=\"false\" class=\"elementor-element elementor-element-255ec9a5 e-flex e-con-boxed e-con e-parent\" data-id=\"255ec9a5\" data-element_type=\"container\" data-e-type=\"container\">\n\t\t\t\t\t<div class=\"e-con-inner\">\n\t\t<div data-particle_enable=\"false\" data-particle-mobile-disabled=\"false\" class=\"elementor-element elementor-element-71ec19e8 e-con-full e-flex e-con e-child\" data-id=\"71ec19e8\" data-element_type=\"container\" data-e-type=\"container\">\n\t\t\t\t<div class=\"elementor-element elementor-element-2e12876c elementor-widget elementor-widget-heading\" data-id=\"2e12876c\" data-element_type=\"widget\" data-e-type=\"widget\" data-widget_type=\"heading.default\">\n\t\t\t\t<div class=\"elementor-widget-container\">\n\t\t\t\t\t<h2 class=\"elementor-heading-title elementor-size-default\">Ausbildungsdauer\n<\/h2>\t\t\t\t<\/div>\n\t\t\t\t<\/div>\n\t\t\t\t<div class=\"elementor-element elementor-element-b261959 elementor-widget elementor-widget-text-editor\" data-id=\"b261959\" data-element_type=\"widget\" data-e-type=\"widget\" data-widget_type=\"text-editor.default\">\n\t\t\t\t<div class=\"elementor-widget-container\">\n\t\t\t\t\t\t\t\t\t<p>Die Ausbildung dauert 3 Jahre<\/p>\t\t\t\t\t\t\t\t<\/div>\n\t\t\t\t<\/div>\n\t\t\t\t<div class=\"elementor-element elementor-element-34eb216 elementor-widget elementor-widget-spacer\" data-id=\"34eb216\" data-element_type=\"widget\" data-e-type=\"widget\" data-widget_type=\"spacer.default\">\n\t\t\t\t<div class=\"elementor-widget-container\">\n\t\t\t\t\t\t\t<div class=\"elementor-spacer\">\n\t\t\t<div class=\"elementor-spacer-inner\"><\/div>\n\t\t<\/div>\n\t\t\t\t\t\t<\/div>\n\t\t\t\t<\/div>\n\t\t\t\t<div class=\"elementor-element elementor-element-5e5011d elementor-widget elementor-widget-heading\" data-id=\"5e5011d\" data-element_type=\"widget\" data-e-type=\"widget\" data-widget_type=\"heading.default\">\n\t\t\t\t<div class=\"elementor-widget-container\">\n\t\t\t\t\t<h2 class=\"elementor-heading-title elementor-size-default\">Ausbildungsdauer\n<\/h2>\t\t\t\t<\/div>\n\t\t\t\t<\/div>\n\t\t\t\t<div class=\"elementor-element elementor-element-252badf elementor-widget elementor-widget-text-editor\" data-id=\"252badf\" data-element_type=\"widget\" data-e-type=\"widget\" data-widget_type=\"text-editor.default\">\n\t\t\t\t<div class=\"elementor-widget-container\">\n\t\t\t\t\t\t\t\t\t<p>Zwischenpr\u00fcfung: Zur Ermittlung des Ausbildungsstandes ist eine Zwischenpr\u00fcfung durchzuf\u00fchren. Sie soll in der ersten H\u00e4lfte des zweiten Jahres stattfinden.<\/p><p>Abschlusspr\u00fcfung: Pr\u00fcfungsf\u00e4cher: Apothekenbetriebslehre, Warensortimente und Verkauf und Wirtschafts- und Sozialkunde<\/p>\t\t\t\t\t\t\t\t<\/div>\n\t\t\t\t<\/div>\n\t\t\t\t<\/div>\n\t\t<div data-particle_enable=\"false\" data-particle-mobile-disabled=\"false\" class=\"elementor-element elementor-element-6707240c e-flex e-con-boxed e-con e-child\" data-id=\"6707240c\" data-element_type=\"container\" data-e-type=\"container\" data-settings=\"{&quot;background_background&quot;:&quot;classic&quot;}\">\n\t\t\t\t\t<div class=\"e-con-inner\">\n\t\t\t\t<div class=\"elementor-element elementor-element-78b5b4d2 elementor-widget elementor-widget-heading\" data-id=\"78b5b4d2\" data-element_type=\"widget\" data-e-type=\"widget\" data-widget_type=\"heading.default\">\n\t\t\t\t<div class=\"elementor-widget-container\">\n\t\t\t\t\t<h2 class=\"elementor-heading-title elementor-size-default\">Ansprechpartner<\/h2>\t\t\t\t<\/div>\n\t\t\t\t<\/div>\n\t\t\t\t<div class=\"elementor-element elementor-element-2be8a93d elementor-widget elementor-widget-image\" data-id=\"2be8a93d\" data-element_type=\"widget\" data-e-type=\"widget\" data-widget_type=\"image.default\">\n\t\t\t\t<div class=\"elementor-widget-container\">\n\t\t\t\t\t\t\t\t\t\t\t\t\t\t\t<img decoding=\"async\" width=\"450\" height=\"643\" src=\"https:\/\/bs2-sw.de\/cms2\/wp-content\/uploads\/Knolli.jpg\" class=\"attachment-large size-large wp-image-461\" alt=\"\" srcset=\"https:\/\/bs2-sw.de\/cms2\/wp-content\/uploads\/Knolli.jpg 450w, https:\/\/bs2-sw.de\/cms2\/wp-content\/uploads\/Knolli-210x300.jpg 210w\" sizes=\"(max-width: 450px) 100vw, 450px\" \/>\t\t\t\t\t\t\t\t\t\t\t\t\t\t\t<\/div>\n\t\t\t\t<\/div>\n\t\t\t\t<div class=\"elementor-element elementor-element-483e2fa elementor-widget elementor-widget-text-editor\" data-id=\"483e2fa\" data-element_type=\"widget\" data-e-type=\"widget\" data-widget_type=\"text-editor.default\">\n\t\t\t\t<div class=\"elementor-widget-container\">\n\t\t\t\t\t\t\t\t\t<p style=\"text-align: center;\">StD Knoll<\/p><p style=\"text-align: center;\">Tel.: 09721 \/ 51 1501<\/p>\t\t\t\t\t\t\t\t<\/div>\n\t\t\t\t<\/div>\n\t\t\t\t\t<\/div>\n\t\t\t\t<\/div>\n\t\t\t\t\t<\/div>\n\t\t\t\t<\/div>\n\t\t<div data-particle_enable=\"false\" data-particle-mobile-disabled=\"false\" class=\"elementor-element elementor-element-5d0a4835 e-flex e-con-boxed e-con e-parent\" data-id=\"5d0a4835\" data-element_type=\"container\" data-e-type=\"container\">\n\t\t\t\t\t<div class=\"e-con-inner\">\n\t\t<div data-particle_enable=\"false\" data-particle-mobile-disabled=\"false\" class=\"elementor-element elementor-element-28c39307 e-flex e-con-boxed e-con e-child\" data-id=\"28c39307\" data-element_type=\"container\" data-e-type=\"container\">\n\t\t\t\t\t<div class=\"e-con-inner\">\n\t\t\t\t<div class=\"elementor-element elementor-element-31c9e785 elementor-widget elementor-widget-heading\" data-id=\"31c9e785\" data-element_type=\"widget\" data-e-type=\"widget\" data-widget_type=\"heading.default\">\n\t\t\t\t<div class=\"elementor-widget-container\">\n\t\t\t\t\t<h2 class=\"elementor-heading-title elementor-size-default\">Berufsschule\n<\/h2>\t\t\t\t<\/div>\n\t\t\t\t<\/div>\n\t\t\t\t<div class=\"elementor-element elementor-element-10c8691b elementor-widget elementor-widget-text-editor\" data-id=\"10c8691b\" data-element_type=\"widget\" data-e-type=\"widget\" data-widget_type=\"text-editor.default\">\n\t\t\t\t<div class=\"elementor-widget-container\">\n\t\t\t\t\t\t\t\t\t<p><strong>Zahl der Schultage<\/strong><\/p><p>Erstes Ausbildungsjahr: 2<br \/>Zweites Ausbildungsjahr: 1<br \/>Drittes Ausbildungsjahr: 1<\/p><p>\u00a0<\/p><p><strong>Zahl der Wochenstunden<\/strong><\/p><p>Erstes Ausbildungsjahr: 15<br \/>Zweites Ausbildungsjahr: 9<br \/>Drittes Ausbildungsjahr: 9<\/p><p>\u00a0<\/p><p><strong>Unterrichtsf\u00e4cher\/Stunden je Fach<\/strong><\/p><p>In allen Jahrgangsstufen je eine Stunde Deutsch, Englisch, Religion und Sozialkunde; zus\u00e4tzlich:<\/p><p><span style=\"text-decoration: underline;\">Erstes Ausbildungsjahr (10. Klasse):<\/span><\/p><p>7-st\u00fcndig: Einzelhandelsprozesse<br \/>2-st\u00fcndig: Kundenorientiertes Verkaufen<br \/>1-st\u00fcndig: Apothekenprozesse<br \/>1-st\u00fcndig: Kaufm. Steuerung und Kontrolle<\/p><p><span style=\"text-decoration: underline;\">Zweites Ausbildungsjahr (11. Klasse):<\/span><\/p><p>2-st\u00fcndig: Apothekenprozesse<br \/>1-st\u00fcndig: Kaufm. Steuerung und Kontrolle<br \/>1-st\u00fcndig: Einzelhandelsprozesse<br \/>1-st\u00fcndig: Kundenorientiertes Verkaufen<\/p><p><span style=\"text-decoration: underline;\">Drittes Ausbildungsjahr (12. Klasse):<\/span><\/p><p>3-st\u00fcndig: Apothekenprozesse<br \/>2-st\u00fcndig: Einzelhandelsprozesse<\/p>\t\t\t\t\t\t\t\t<\/div>\n\t\t\t\t<\/div>\n\t\t\t\t\t<\/div>\n\t\t\t\t<\/div>\n\t\t\t\t\t<\/div>\n\t\t\t\t<\/div>\n\t\t<div data-particle_enable=\"false\" data-particle-mobile-disabled=\"false\" class=\"elementor-element elementor-element-62169e04 e-flex e-con-boxed e-con e-parent\" data-id=\"62169e04\" data-element_type=\"container\" data-e-type=\"container\">\n\t\t\t\t\t<div class=\"e-con-inner\">\n\t\t\t\t<div class=\"elementor-element elementor-element-76d4a4ec elementor-widget elementor-widget-spacer\" data-id=\"76d4a4ec\" data-element_type=\"widget\" data-e-type=\"widget\" data-widget_type=\"spacer.default\">\n\t\t\t\t<div class=\"elementor-widget-container\">\n\t\t\t\t\t\t\t<div class=\"elementor-spacer\">\n\t\t\t<div class=\"elementor-spacer-inner\"><\/div>\n\t\t<\/div>\n\t\t\t\t\t\t<\/div>\n\t\t\t\t<\/div>\n\t\t\t\t\t<\/div>\n\t\t\t\t<\/div>\n\t\t<div data-particle_enable=\"false\" data-particle-mobile-disabled=\"false\" class=\"elementor-element elementor-element-3ee4061a e-flex e-con-boxed e-con e-parent\" data-id=\"3ee4061a\" data-element_type=\"container\" data-e-type=\"container\">\n\t\t\t\t\t<div class=\"e-con-inner\">\n\t\t\t\t<div class=\"elementor-element elementor-element-48d58614 elementor-widget elementor-widget-heading\" data-id=\"48d58614\" data-element_type=\"widget\" data-e-type=\"widget\" data-widget_type=\"heading.default\">\n\t\t\t\t<div class=\"elementor-widget-container\">\n\t\t\t\t\t<h2 class=\"elementor-heading-title elementor-size-default\">Welche Voraussetzungen sollte man f\u00fcr diesen Beruf mitbringen?<\/h2>\t\t\t\t<\/div>\n\t\t\t\t<\/div>\n\t\t\t\t<div class=\"elementor-element elementor-element-1662b736 elementor-widget elementor-widget-text-editor\" data-id=\"1662b736\" data-element_type=\"widget\" data-e-type=\"widget\" data-widget_type=\"text-editor.default\">\n\t\t\t\t<div class=\"elementor-widget-container\">\n\t\t\t\t\t\t\t\t\tDer Beruf steht grunds\u00e4tzlich allen Schulabschl\u00fcssen offen.\t\t\t\t\t\t\t\t<\/div>\n\t\t\t\t<\/div>\n\t\t\t\t\t<\/div>\n\t\t\t\t<\/div>\n\t\t<div data-particle_enable=\"false\" data-particle-mobile-disabled=\"false\" class=\"elementor-element elementor-element-397e542 e-flex e-con-boxed e-con e-parent\" data-id=\"397e542\" data-element_type=\"container\" data-e-type=\"container\">\n\t\t\t\t\t<div class=\"e-con-inner\">\n\t\t\t\t<div class=\"elementor-element elementor-element-33b048a elementor-widget elementor-widget-spacer\" data-id=\"33b048a\" data-element_type=\"widget\" data-e-type=\"widget\" data-widget_type=\"spacer.default\">\n\t\t\t\t<div class=\"elementor-widget-container\">\n\t\t\t\t\t\t\t<div class=\"elementor-spacer\">\n\t\t\t<div class=\"elementor-spacer-inner\"><\/div>\n\t\t<\/div>\n\t\t\t\t\t\t<\/div>\n\t\t\t\t<\/div>\n\t\t\t\t\t<\/div>\n\t\t\t\t<\/div>\n\t\t<div data-particle_enable=\"false\" data-particle-mobile-disabled=\"false\" class=\"elementor-element elementor-element-19392e4 e-flex e-con-boxed e-con e-parent\" data-id=\"19392e4\" data-element_type=\"container\" data-e-type=\"container\">\n\t\t\t\t\t<div class=\"e-con-inner\">\n\t\t\t\t<div class=\"elementor-element elementor-element-754c912 elementor-widget elementor-widget-heading\" data-id=\"754c912\" data-element_type=\"widget\" data-e-type=\"widget\" data-widget_type=\"heading.default\">\n\t\t\t\t<div class=\"elementor-widget-container\">\n\t\t\t\t\t<h2 class=\"elementor-heading-title elementor-size-default\">Au\u00dferschulische Informationsquellen<\/h2>\t\t\t\t<\/div>\n\t\t\t\t<\/div>\n\t\t\t\t<div class=\"elementor-element elementor-element-f1c7e53 elementor-widget elementor-widget-text-editor\" data-id=\"f1c7e53\" data-element_type=\"widget\" data-e-type=\"widget\" data-widget_type=\"text-editor.default\">\n\t\t\t\t<div class=\"elementor-widget-container\">\n\t\t\t\t\t\t\t\t\t<p><a href=\"http:\/\/www.blak.de\/\" target=\"_blank\" rel=\"noopener\">Bayerische Landesapothekenkammer<\/a><\/p><p><a title=\"ABDA\" href=\"http:\/\/www.abda.de\/themen\/apotheke\/berufe\/pka\/\" target=\"_blank\" rel=\"noopener\">ABDA &#8211; Bundesvereinigung Deutscher Apothekerverb\u00e4nde e. V. (Ausbildungsordnung)<\/a><\/p>\t\t\t\t\t\t\t\t<\/div>\n\t\t\t\t<\/div>\n\t\t\t\t\t<\/div>\n\t\t\t\t<\/div>\n\t\t<div data-particle_enable=\"false\" data-particle-mobile-disabled=\"false\" class=\"elementor-element elementor-element-250f18eb e-flex e-con-boxed e-con e-parent\" data-id=\"250f18eb\" data-element_type=\"container\" data-e-type=\"container\">\n\t\t\t\t\t<div class=\"e-con-inner\">\n\t\t\t\t<div class=\"elementor-element elementor-element-66bba443 elementor-widget elementor-widget-spacer\" data-id=\"66bba443\" data-element_type=\"widget\" data-e-type=\"widget\" data-widget_type=\"spacer.default\">\n\t\t\t\t<div class=\"elementor-widget-container\">\n\t\t\t\t\t\t\t<div class=\"elementor-spacer\">\n\t\t\t<div class=\"elementor-spacer-inner\"><\/div>\n\t\t<\/div>\n\t\t\t\t\t\t<\/div>\n\t\t\t\t<\/div>\n\t\t\t\t\t<\/div>\n\t\t\t\t<\/div>\n\t\t<div data-particle_enable=\"false\" data-particle-mobile-disabled=\"false\" class=\"elementor-element elementor-element-ce6dc7e e-flex e-con-boxed e-con e-parent\" data-id=\"ce6dc7e\" data-element_type=\"container\" data-e-type=\"container\">\n\t\t\t\t\t<div class=\"e-con-inner\">\n\t\t\t\t\t<\/div>\n\t\t\t\t<\/div>\n\t\t\t\t<\/div>\n\t\t","protected":false},"excerpt":{"rendered":"<p>Pharmazeutisch kaufm\u00e4nnische\/r Angestellte\/r Akt. Anmeldungen Schuljahr 2025\/26: 1 Berufsbild Pharmazeutisch-kaufm\u00e4nnische Angestellte bestellen Arzneimittel, kontrollieren diese, zeichnen sie aus und sortieren sie in die Regale ein. Zudem erledigen sie B\u00fcro- und Verwaltungsaufgaben, verkaufen apotheken\u00fcbliche Produkte und wirken bei Verkaufsf\u00f6rderungsma\u00dfnahmen mit. Haupts\u00e4chlich arbeiten Pharmazeutisch-kaufm\u00e4nnische Angestellte in Apotheken, einschlie\u00dflich Klinikapotheken, in der Medikamentendisposition, Lagerhaltung und Abrechnung. Dar\u00fcber hinaus [&hellip;]<\/p>\n","protected":false},"author":1,"featured_media":0,"parent":83,"menu_order":9,"comment_status":"closed","ping_status":"closed","template":"elementor_header_footer","meta":{"footnotes":""},"class_list":["post-101","page","type-page","status-publish","hentry"],"yoast_head":"<!-- This site is optimized with the Yoast SEO plugin v27.4 - https:\/\/yoast.com\/product\/yoast-seo-wordpress\/ -->\n<title>Ludwig-Erhard-Berufsschule<\/title>\n<meta name=\"robots\" content=\"index, follow, max-snippet:-1, max-image-preview:large, max-video-preview:-1\" \/>\n<link rel=\"canonical\" href=\"https:\/\/bs2-sw.de\/cms2\/berufe\/pharmazeutisch-kaufmaennische-r-angestellte-r\/\" \/>\n<meta property=\"og:locale\" content=\"de_DE\" \/>\n<meta property=\"og:type\" content=\"article\" \/>\n<meta property=\"og:title\" content=\"Ludwig-Erhard-Berufsschule\" \/>\n<meta property=\"og:description\" content=\"Pharmazeutisch kaufm\u00e4nnische\/r Angestellte\/r Akt. Anmeldungen Schuljahr 2025\/26: 1 Berufsbild Pharmazeutisch-kaufm\u00e4nnische Angestellte bestellen Arzneimittel, kontrollieren diese, zeichnen sie aus und sortieren sie in die Regale ein. Zudem erledigen sie B\u00fcro- und Verwaltungsaufgaben, verkaufen apotheken\u00fcbliche Produkte und wirken bei Verkaufsf\u00f6rderungsma\u00dfnahmen mit. Haupts\u00e4chlich arbeiten Pharmazeutisch-kaufm\u00e4nnische Angestellte in Apotheken, einschlie\u00dflich Klinikapotheken, in der Medikamentendisposition, Lagerhaltung und Abrechnung. Dar\u00fcber hinaus [&hellip;]\" \/>\n<meta property=\"og:url\" content=\"https:\/\/bs2-sw.de\/cms2\/berufe\/pharmazeutisch-kaufmaennische-r-angestellte-r\/\" \/>\n<meta property=\"og:site_name\" content=\"Ludwig-Erhard-Berufsschule\" \/>\n<meta property=\"article:modified_time\" content=\"2025-05-20T08:34:56+00:00\" \/>\n<meta property=\"og:image\" content=\"https:\/\/bs2-sw.de\/cms2\/wp-content\/uploads\/pharmacy-3377670_ausschnitt.jpg\" \/>\n\t<meta property=\"og:image:width\" content=\"1280\" \/>\n\t<meta property=\"og:image:height\" content=\"300\" \/>\n\t<meta property=\"og:image:type\" content=\"image\/jpeg\" \/>\n<meta name=\"twitter:card\" content=\"summary_large_image\" \/>\n<meta name=\"twitter:label1\" content=\"Gesch\u00e4tzte Lesezeit\" \/>\n\t<meta name=\"twitter:data1\" content=\"2\u00a0Minuten\" \/>\n<script type=\"application\/ld+json\" class=\"yoast-schema-graph\">{\"@context\":\"https:\\\/\\\/schema.org\",\"@graph\":[{\"@type\":\"WebPage\",\"@id\":\"https:\\\/\\\/bs2-sw.de\\\/cms2\\\/berufe\\\/pharmazeutisch-kaufmaennische-r-angestellte-r\\\/\",\"url\":\"https:\\\/\\\/bs2-sw.de\\\/cms2\\\/berufe\\\/pharmazeutisch-kaufmaennische-r-angestellte-r\\\/\",\"name\":\"Ludwig-Erhard-Berufsschule\",\"isPartOf\":{\"@id\":\"https:\\\/\\\/bs2-sw.de\\\/cms2\\\/#website\"},\"primaryImageOfPage\":{\"@id\":\"https:\\\/\\\/bs2-sw.de\\\/cms2\\\/berufe\\\/pharmazeutisch-kaufmaennische-r-angestellte-r\\\/#primaryimage\"},\"image\":{\"@id\":\"https:\\\/\\\/bs2-sw.de\\\/cms2\\\/berufe\\\/pharmazeutisch-kaufmaennische-r-angestellte-r\\\/#primaryimage\"},\"thumbnailUrl\":\"https:\\\/\\\/bs2-sw.de\\\/cms2\\\/wp-content\\\/uploads\\\/pharmacy-3377670_ausschnitt.jpg\",\"datePublished\":\"2023-08-21T09:08:05+00:00\",\"dateModified\":\"2025-05-20T08:34:56+00:00\",\"breadcrumb\":{\"@id\":\"https:\\\/\\\/bs2-sw.de\\\/cms2\\\/berufe\\\/pharmazeutisch-kaufmaennische-r-angestellte-r\\\/#breadcrumb\"},\"inLanguage\":\"de\",\"potentialAction\":[{\"@type\":\"ReadAction\",\"target\":[\"https:\\\/\\\/bs2-sw.de\\\/cms2\\\/berufe\\\/pharmazeutisch-kaufmaennische-r-angestellte-r\\\/\"]}]},{\"@type\":\"ImageObject\",\"inLanguage\":\"de\",\"@id\":\"https:\\\/\\\/bs2-sw.de\\\/cms2\\\/berufe\\\/pharmazeutisch-kaufmaennische-r-angestellte-r\\\/#primaryimage\",\"url\":\"https:\\\/\\\/bs2-sw.de\\\/cms2\\\/wp-content\\\/uploads\\\/pharmacy-3377670_ausschnitt.jpg\",\"contentUrl\":\"https:\\\/\\\/bs2-sw.de\\\/cms2\\\/wp-content\\\/uploads\\\/pharmacy-3377670_ausschnitt.jpg\"},{\"@type\":\"BreadcrumbList\",\"@id\":\"https:\\\/\\\/bs2-sw.de\\\/cms2\\\/berufe\\\/pharmazeutisch-kaufmaennische-r-angestellte-r\\\/#breadcrumb\",\"itemListElement\":[{\"@type\":\"ListItem\",\"position\":1,\"name\":\"Home\",\"item\":\"https:\\\/\\\/bs2-sw.de\\\/cms2\\\/\"},{\"@type\":\"ListItem\",\"position\":2,\"name\":\"Berufe\",\"item\":\"https:\\\/\\\/bs2-sw.de\\\/cms2\\\/berufe\\\/\"},{\"@type\":\"ListItem\",\"position\":3,\"name\":\"Pharmazeutisch kaufm\u00e4nnische\\\/r Angestellte\\\/r\"}]},{\"@type\":\"WebSite\",\"@id\":\"https:\\\/\\\/bs2-sw.de\\\/cms2\\\/#website\",\"url\":\"https:\\\/\\\/bs2-sw.de\\\/cms2\\\/\",\"name\":\"Ludwig-Erhard-Berufsschule\",\"description\":\"\",\"publisher\":{\"@id\":\"https:\\\/\\\/bs2-sw.de\\\/cms2\\\/#organization\"},\"potentialAction\":[{\"@type\":\"SearchAction\",\"target\":{\"@type\":\"EntryPoint\",\"urlTemplate\":\"https:\\\/\\\/bs2-sw.de\\\/cms2\\\/?s={search_term_string}\"},\"query-input\":{\"@type\":\"PropertyValueSpecification\",\"valueRequired\":true,\"valueName\":\"search_term_string\"}}],\"inLanguage\":\"de\"},{\"@type\":\"Organization\",\"@id\":\"https:\\\/\\\/bs2-sw.de\\\/cms2\\\/#organization\",\"name\":\"Ludwig-Erhard-Berufsschule\",\"url\":\"https:\\\/\\\/bs2-sw.de\\\/cms2\\\/\",\"logo\":{\"@type\":\"ImageObject\",\"inLanguage\":\"de\",\"@id\":\"https:\\\/\\\/bs2-sw.de\\\/cms2\\\/#\\\/schema\\\/logo\\\/image\\\/\",\"url\":\"https:\\\/\\\/bs2-sw.de\\\/cms2\\\/wp-content\\\/uploads\\\/favicon.png\",\"contentUrl\":\"https:\\\/\\\/bs2-sw.de\\\/cms2\\\/wp-content\\\/uploads\\\/favicon.png\",\"width\":512,\"height\":512,\"caption\":\"Ludwig-Erhard-Berufsschule\"},\"image\":{\"@id\":\"https:\\\/\\\/bs2-sw.de\\\/cms2\\\/#\\\/schema\\\/logo\\\/image\\\/\"}}]}<\/script>\n<!-- \/ Yoast SEO plugin. -->","yoast_head_json":{"title":"Ludwig-Erhard-Berufsschule","robots":{"index":"index","follow":"follow","max-snippet":"max-snippet:-1","max-image-preview":"max-image-preview:large","max-video-preview":"max-video-preview:-1"},"canonical":"https:\/\/bs2-sw.de\/cms2\/berufe\/pharmazeutisch-kaufmaennische-r-angestellte-r\/","og_locale":"de_DE","og_type":"article","og_title":"Ludwig-Erhard-Berufsschule","og_description":"Pharmazeutisch kaufm\u00e4nnische\/r Angestellte\/r Akt. Anmeldungen Schuljahr 2025\/26: 1 Berufsbild Pharmazeutisch-kaufm\u00e4nnische Angestellte bestellen Arzneimittel, kontrollieren diese, zeichnen sie aus und sortieren sie in die Regale ein. Zudem erledigen sie B\u00fcro- und Verwaltungsaufgaben, verkaufen apotheken\u00fcbliche Produkte und wirken bei Verkaufsf\u00f6rderungsma\u00dfnahmen mit. Haupts\u00e4chlich arbeiten Pharmazeutisch-kaufm\u00e4nnische Angestellte in Apotheken, einschlie\u00dflich Klinikapotheken, in der Medikamentendisposition, Lagerhaltung und Abrechnung. Dar\u00fcber hinaus [&hellip;]","og_url":"https:\/\/bs2-sw.de\/cms2\/berufe\/pharmazeutisch-kaufmaennische-r-angestellte-r\/","og_site_name":"Ludwig-Erhard-Berufsschule","article_modified_time":"2025-05-20T08:34:56+00:00","og_image":[{"width":1280,"height":300,"url":"https:\/\/bs2-sw.de\/cms2\/wp-content\/uploads\/pharmacy-3377670_ausschnitt.jpg","type":"image\/jpeg"}],"twitter_card":"summary_large_image","twitter_misc":{"Gesch\u00e4tzte Lesezeit":"2\u00a0Minuten"},"schema":{"@context":"https:\/\/schema.org","@graph":[{"@type":"WebPage","@id":"https:\/\/bs2-sw.de\/cms2\/berufe\/pharmazeutisch-kaufmaennische-r-angestellte-r\/","url":"https:\/\/bs2-sw.de\/cms2\/berufe\/pharmazeutisch-kaufmaennische-r-angestellte-r\/","name":"Ludwig-Erhard-Berufsschule","isPartOf":{"@id":"https:\/\/bs2-sw.de\/cms2\/#website"},"primaryImageOfPage":{"@id":"https:\/\/bs2-sw.de\/cms2\/berufe\/pharmazeutisch-kaufmaennische-r-angestellte-r\/#primaryimage"},"image":{"@id":"https:\/\/bs2-sw.de\/cms2\/berufe\/pharmazeutisch-kaufmaennische-r-angestellte-r\/#primaryimage"},"thumbnailUrl":"https:\/\/bs2-sw.de\/cms2\/wp-content\/uploads\/pharmacy-3377670_ausschnitt.jpg","datePublished":"2023-08-21T09:08:05+00:00","dateModified":"2025-05-20T08:34:56+00:00","breadcrumb":{"@id":"https:\/\/bs2-sw.de\/cms2\/berufe\/pharmazeutisch-kaufmaennische-r-angestellte-r\/#breadcrumb"},"inLanguage":"de","potentialAction":[{"@type":"ReadAction","target":["https:\/\/bs2-sw.de\/cms2\/berufe\/pharmazeutisch-kaufmaennische-r-angestellte-r\/"]}]},{"@type":"ImageObject","inLanguage":"de","@id":"https:\/\/bs2-sw.de\/cms2\/berufe\/pharmazeutisch-kaufmaennische-r-angestellte-r\/#primaryimage","url":"https:\/\/bs2-sw.de\/cms2\/wp-content\/uploads\/pharmacy-3377670_ausschnitt.jpg","contentUrl":"https:\/\/bs2-sw.de\/cms2\/wp-content\/uploads\/pharmacy-3377670_ausschnitt.jpg"},{"@type":"BreadcrumbList","@id":"https:\/\/bs2-sw.de\/cms2\/berufe\/pharmazeutisch-kaufmaennische-r-angestellte-r\/#breadcrumb","itemListElement":[{"@type":"ListItem","position":1,"name":"Home","item":"https:\/\/bs2-sw.de\/cms2\/"},{"@type":"ListItem","position":2,"name":"Berufe","item":"https:\/\/bs2-sw.de\/cms2\/berufe\/"},{"@type":"ListItem","position":3,"name":"Pharmazeutisch kaufm\u00e4nnische\/r Angestellte\/r"}]},{"@type":"WebSite","@id":"https:\/\/bs2-sw.de\/cms2\/#website","url":"https:\/\/bs2-sw.de\/cms2\/","name":"Ludwig-Erhard-Berufsschule","description":"","publisher":{"@id":"https:\/\/bs2-sw.de\/cms2\/#organization"},"potentialAction":[{"@type":"SearchAction","target":{"@type":"EntryPoint","urlTemplate":"https:\/\/bs2-sw.de\/cms2\/?s={search_term_string}"},"query-input":{"@type":"PropertyValueSpecification","valueRequired":true,"valueName":"search_term_string"}}],"inLanguage":"de"},{"@type":"Organization","@id":"https:\/\/bs2-sw.de\/cms2\/#organization","name":"Ludwig-Erhard-Berufsschule","url":"https:\/\/bs2-sw.de\/cms2\/","logo":{"@type":"ImageObject","inLanguage":"de","@id":"https:\/\/bs2-sw.de\/cms2\/#\/schema\/logo\/image\/","url":"https:\/\/bs2-sw.de\/cms2\/wp-content\/uploads\/favicon.png","contentUrl":"https:\/\/bs2-sw.de\/cms2\/wp-content\/uploads\/favicon.png","width":512,"height":512,"caption":"Ludwig-Erhard-Berufsschule"},"image":{"@id":"https:\/\/bs2-sw.de\/cms2\/#\/schema\/logo\/image\/"}}]}},"_links":{"self":[{"href":"https:\/\/bs2-sw.de\/cms2\/wp-json\/wp\/v2\/pages\/101","targetHints":{"allow":["GET"]}}],"collection":[{"href":"https:\/\/bs2-sw.de\/cms2\/wp-json\/wp\/v2\/pages"}],"about":[{"href":"https:\/\/bs2-sw.de\/cms2\/wp-json\/wp\/v2\/types\/page"}],"author":[{"embeddable":true,"href":"https:\/\/bs2-sw.de\/cms2\/wp-json\/wp\/v2\/users\/1"}],"replies":[{"embeddable":true,"href":"https:\/\/bs2-sw.de\/cms2\/wp-json\/wp\/v2\/comments?post=101"}],"version-history":[{"count":0,"href":"https:\/\/bs2-sw.de\/cms2\/wp-json\/wp\/v2\/pages\/101\/revisions"}],"up":[{"embeddable":true,"href":"https:\/\/bs2-sw.de\/cms2\/wp-json\/wp\/v2\/pages\/83"}],"wp:attachment":[{"href":"https:\/\/bs2-sw.de\/cms2\/wp-json\/wp\/v2\/media?parent=101"}],"curies":[{"name":"wp","href":"https:\/\/api.w.org\/{rel}","templated":true}]}}